{"id":72,"date":"2013-10-04T10:33:09","date_gmt":"2013-10-04T08:33:09","guid":{"rendered":"http:\/\/www.stretchingemozionale.it\/?page_id=72"},"modified":"2019-04-04T10:27:02","modified_gmt":"2019-04-04T08:27:02","slug":"cose-lo-stretching-emozionale","status":"publish","type":"page","link":"https:\/\/www.stretchingemozionale.it\/?page_id=72","title":{"rendered":"Cos&#8217;\u00e8 lo *Stretching Emozionale\u00ae*"},"content":{"rendered":"<header class=\"entry-header\">\n<h1 class=\"entry-title\" style=\"text-align: center;\">Cos\u2019\u00e8 lo Stretching Emozionale\u00ae?<\/h1>\n<div class=\"entry-meta\"><\/div>\n<\/header>\n<div class=\"entry-content\">\n<p style=\"text-align: center;\"><a href=\"https:\/\/www.stretchingemozionale.it\/wp-content\/uploads\/2014\/01\/CoverTrentini.jpg\"><img decoding=\"async\" class=\"aligncenter size-full wp-image-171 lazyload\" data-src=\"https:\/\/www.stretchingemozionale.it\/wp-content\/uploads\/2014\/01\/CoverTrentini.jpg\" alt=\"CoverTrentini\" width=\"2858\" height=\"2079\" data-srcset=\"https:\/\/www.stretchingemozionale.it\/wp-content\/uploads\/2014\/01\/CoverTrentini.jpg 2858w, https:\/\/www.stretchingemozionale.it\/wp-content\/uploads\/2014\/01\/CoverTrentini-300x218.jpg 300w, https:\/\/www.stretchingemozionale.it\/wp-content\/uploads\/2014\/01\/CoverTrentini-1024x744.jpg 1024w, https:\/\/www.stretchingemozionale.it\/wp-content\/uploads\/2014\/01\/CoverTrentini-412x300.jpg 412w\" data-sizes=\"(max-width: 2858px) 100vw, 2858px\" src=\"data:image\/svg+xml;base64,PHN2ZyB3aWR0aD0iMSIgaGVpZ2h0PSIxIiB4bWxucz0iaHR0cDovL3d3dy53My5vcmcvMjAwMC9zdmciPjwvc3ZnPg==\" style=\"--smush-placeholder-width: 2858px; --smush-placeholder-aspect-ratio: 2858\/2079;\" \/><\/a><strong>Innanzitutto un mio marchio registrato, l<span data-offset-key=\"92hb1-0-0\">a mia creazione, il frutto di una nuova &#8220;gestazione&#8221;, dopo la menopausa, all&#8217;inizio di una nuova vita&#8230;<\/span>argomento della mia guida, gi\u00e0 uscita in formato eBook: \u201cStretching Emozionale\u201d \u2013 Ritrova l\u2019armonia delle tue funzioni vitali e aumenta l\u2019energia di corpo e spirito \u2013 di Daniela Trentini \u2013 Casa Editrice OI Books &amp; Guides.<\/strong><br \/>\n<strong>Questa prima edizione in formato cartaceo sar\u00e0 seguita a breve dal mio ultimo lavoro, arricchito dalle ultime esperienze in materia, che avr\u00e0 per titolo:<\/strong><\/p>\n<p style=\"text-align: center;\"><strong>\u201cSTRETCHING EMOZIONALE\u00ae<\/strong><br \/>\n<strong>\u201c\u2026La Danza delle Emozioni come Qualit\u00e0 dell\u2019Anima\u2026\u201d<\/strong><\/p>\n<p style=\"text-align: center;\"><strong>Ritrova l\u2019armonia delle tue funzioni vitali, delle qualit\u00e0 dell\u2019anima, e aumenta l\u2019energia di corpo e spirito.<\/strong><\/p>\n<p style=\"text-align: center;\"><strong><a href=\"https:\/\/www.stretchingemozionale.it\/wp-content\/uploads\/2019\/03\/logo_footer.png\"><img decoding=\"async\" class=\"size-full wp-image-1303 alignnone lazyload\" data-src=\"https:\/\/www.stretchingemozionale.it\/wp-content\/uploads\/2019\/03\/logo_footer.png\" alt=\"Maria Daniela Trentini\" width=\"518\" height=\"292\" data-srcset=\"https:\/\/www.stretchingemozionale.it\/wp-content\/uploads\/2019\/03\/logo_footer.png 518w, https:\/\/www.stretchingemozionale.it\/wp-content\/uploads\/2019\/03\/logo_footer-300x169.png 300w\" data-sizes=\"(max-width: 518px) 100vw, 518px\" src=\"data:image\/svg+xml;base64,PHN2ZyB3aWR0aD0iMSIgaGVpZ2h0PSIxIiB4bWxucz0iaHR0cDovL3d3dy53My5vcmcvMjAwMC9zdmciPjwvc3ZnPg==\" style=\"--smush-placeholder-width: 518px; --smush-placeholder-aspect-ratio: 518\/292;\" \/><\/a><br \/>\nLo Stretching Emozionale\u00ae \u00e8 una pratica attraverso la quale ci\u00f2 che si attiva immediatamente sono le \u201cemozioni\u201d ed in questo meraviglioso stato dell\u2019Essere, per brevissimi momenti, frazioni di secondo, \u00e8 sfiorata l\u2019Estasi.<\/strong><br \/>\n<strong>Lo Stretching \u00e8 un elemento che attiva, stimola e muove le forze che alimentano la Vita; va dentro, in profondit\u00e0, fino a contattare le nostre \u201cEnergie Ancestrali\u201d.<\/strong><br \/>\n<strong>Diventa, praticato con costanza e profonda consapevolezza, un riappropriarsi, attraverso il riavvicinamento ai cicli della natura, della centralit\u00e0 di \u201cS\u00e8\u201d\u2026<\/strong><br \/>\n<strong>Dalla Natura c\u2019\u00e8 ancora molto da imparare\u2026<\/strong><br \/>\n<strong>Cosa di meglio l\u2019esecuzione dello stretching durante una sana camminata di nordic walking a cogliere, con \u201cgli occhi del cuore\u201d, le ancora tante meraviglie che potr\u00e0 donarci?<\/strong><br \/>\n<strong>Lo stretching dei meridiani energetici \u00e8 adatto a tutti e a tutte le et\u00e0 e permette di raggiungere, insieme ad una pratica corretta e consapevole anche del Nordic Walking, un buon equilibrio psico-fisico e soprattutto emozionale.<\/strong><\/p>\n<div class=\"\" data-block=\"true\" data-editor=\"207di\" data-offset-key=\"3sfq9-0-0\">\n<div class=\"_1mf _1mj\" data-offset-key=\"3sfq9-0-0\"><span data-offset-key=\"3sfq9-0-0\">&#8220;Ma cos&#8217;\u00e8 nell&#8217;essenza lo <strong>Stretching Emozionale\u00ae<\/strong>?<\/span><\/div>\n<\/div>\n<div class=\"\" data-block=\"true\" data-editor=\"207di\" data-offset-key=\"aqbko-0-0\">\n<div class=\"_1mf _1mj\" data-offset-key=\"aqbko-0-0\"><span data-offset-key=\"aqbko-0-0\">\u00a0<\/span><\/div>\n<\/div>\n<div class=\"\" data-block=\"true\" data-editor=\"207di\" data-offset-key=\"e9ijt-0-0\">\n<div class=\"_1mf _1mj\" data-offset-key=\"e9ijt-0-0\"><span data-offset-key=\"e9ijt-0-0\">\u00c8 limitante abbinarlo soltanto allo stretching dei meridiani energetici di Medicina Tradizionale Cinese (MTC).<\/span><\/div>\n<\/div>\n<div class=\"\" data-block=\"true\" data-editor=\"207di\" data-offset-key=\"cgh39-0-0\">\n<div class=\"_1mf _1mj\" data-offset-key=\"cgh39-0-0\"><span data-offset-key=\"cgh39-0-0\">\u00a0<\/span><\/div>\n<\/div>\n<div class=\"\" data-block=\"true\" data-editor=\"207di\" data-offset-key=\"3970c-0-0\">\n<div class=\"_1mf _1mj\" data-offset-key=\"3970c-0-0\"><span data-offset-key=\"3970c-0-0\">Si avvale dell&#8217;approfondimento e dello studio della Floriterapia dei Fiori di Bach secondo le &#8220;Nuove Terapie Esoteriche&#8221; di Dietmar Kr\u00e4mer, frequentando personalmente i Master da lui tenuti in Italia e conseguendo i relativi riconoscimenti.<\/span><\/div>\n<\/div>\n<div class=\"\" data-block=\"true\" data-editor=\"207di\" data-offset-key=\"b7158-0-0\">\n<div class=\"_1mf _1mj\" data-offset-key=\"b7158-0-0\"><span data-offset-key=\"b7158-0-0\">\u00a0<\/span><\/div>\n<\/div>\n<div class=\"\" data-block=\"true\" data-editor=\"207di\" data-offset-key=\"dbrgc-0-0\">\n<div class=\"_1mf _1mj\" data-offset-key=\"dbrgc-0-0\"><span data-offset-key=\"dbrgc-0-0\">Ogni esercizio che noi andremo ad eseguire ha una corrispondenza, non solo legata al meridiano energetico che stiamo allungando, ma ad un&#8217;emozione in particolare, una &#8220;vibrazione&#8221; specifica di quell&#8217;esercizio che corrisponde anche a quella del Fiore di Bach evocato.<\/span><\/div>\n<\/div>\n<div class=\"\" data-block=\"true\" data-editor=\"207di\" data-offset-key=\"6t6c0-0-0\">\n<div class=\"_1mf _1mj\" data-offset-key=\"6t6c0-0-0\"><span data-offset-key=\"6t6c0-0-0\">\u00a0<\/span><\/div>\n<\/div>\n<div class=\"\" data-block=\"true\" data-editor=\"207di\" data-offset-key=\"fgm8o-0-0\">\n<div class=\"_1mf _1mj\" data-offset-key=\"fgm8o-0-0\"><span data-offset-key=\"fgm8o-0-0\">Il tutto arricchito da momenti unici e specifici di meditazione, per ogni esercizio, recitando il &#8220;Mantra&#8221; dedicato&#8230;e, per quanto possibile, tutta la nostra attivit\u00e0 sar\u00e0 eseguita in quella meravigliosa palestra a cielo aperto che \u00e8 la Natura, in abbinamento al nordic walking.<\/span><\/div>\n<\/div>\n<div class=\"\" data-block=\"true\" data-editor=\"207di\" data-offset-key=\"9t2es-0-0\">\n<div class=\"_1mf _1mj\" data-offset-key=\"9t2es-0-0\"><span data-offset-key=\"9t2es-0-0\">\u00a0<\/span><\/div>\n<\/div>\n<div class=\"\" data-block=\"true\" data-editor=\"207di\" data-offset-key=\"4odrs-0-0\">\n<div class=\"_1mf _1mj\" data-offset-key=\"4odrs-0-0\"><span data-offset-key=\"4odrs-0-0\">Per concludere informo che esiste gi\u00e0 l&#8217;Accademia\u00ae dello Stretching Emozionale\u00ae, sempre marchio registrato, che ha lo scopo di formare gli operatori dello Stretching Emozionale\u00ae come personalmente l&#8217;ho ideato.<\/span><\/div>\n<\/div>\n<div class=\"\" data-block=\"true\" data-editor=\"207di\" data-offset-key=\"9udf0-0-0\">\n<div class=\"_1mf _1mj\" data-offset-key=\"9udf0-0-0\"><span data-offset-key=\"9udf0-0-0\">\u00a0<\/span><\/div>\n<\/div>\n<div class=\"\" data-block=\"true\" data-editor=\"207di\" data-offset-key=\"6oa3h-0-0\">\n<div class=\"_1mf _1mj\" data-offset-key=\"6oa3h-0-0\"><span data-offset-key=\"6oa3h-0-0\">P.S.: sono disponibile a girare per l&#8217;Italia, il Mondo e l&#8217;Universo Infinito per far conoscere questa pratica nella sua &#8220;essenza&#8221; ed ho piacere essere contattata, dato che sono ancora in vita, prima di essere citata. Sono convinta che la condivisione e lo scambio di vedute siano potenti strumenti di crescita!<\/span><\/div>\n<\/div>\n<\/div>\n<div data-offset-key=\"6oa3h-0-0\"><\/div>\n<div style=\"text-align: center;\" data-offset-key=\"6oa3h-0-0\"><a href=\"https:\/\/www.stretchingemozionale.it\/wp-content\/uploads\/2017\/12\/accademia-zen-8x8_reg.jpg\"><img decoding=\"async\" class=\"aligncenter size-full wp-image-974 lazyload\" data-src=\"https:\/\/www.stretchingemozionale.it\/wp-content\/uploads\/2017\/12\/accademia-zen-8x8_reg.jpg\" alt=\"\" width=\"227\" height=\"227\" data-srcset=\"https:\/\/www.stretchingemozionale.it\/wp-content\/uploads\/2017\/12\/accademia-zen-8x8_reg.jpg 227w, https:\/\/www.stretchingemozionale.it\/wp-content\/uploads\/2017\/12\/accademia-zen-8x8_reg-150x150.jpg 150w\" data-sizes=\"(max-width: 227px) 100vw, 227px\" src=\"data:image\/svg+xml;base64,PHN2ZyB3aWR0aD0iMSIgaGVpZ2h0PSIxIiB4bWxucz0iaHR0cDovL3d3dy53My5vcmcvMjAwMC9zdmciPjwvc3ZnPg==\" style=\"--smush-placeholder-width: 227px; --smush-placeholder-aspect-ratio: 227\/227;\" \/><\/a><\/div>\n<div class=\"entry-content\">\n<p style=\"text-align: center;\">\n<strong>Attraverso questi esercizi di allungamento vengono stimolati ed attivati i Meridiani o Canali Energetici, \u2026\u201dpercorsi formati da un complesso disegno di punti, canali primari e rami secondari, in cui l\u2019energia pu\u00f2 fluire collegando insieme tutte le parti del corpo fino ad influenzare piani pi\u00f9 sottili come la mente e lo spirito\u2026\u201d<\/strong><br \/>\n<strong>Mi piace ricordare com\u2019\u00e8 definito il meridiano energetico secondo la Medicina Tradizionale Cinese: \u2026\u201dun flusso energetico sotterraneo che come un filo di seta percorre ed avvolge l\u2019intero organismo ed in profondit\u00e0 lo compenetra\u2026\u201d \u2026pura poesia!<\/strong><br \/>\n<strong>Diventa valido strumento per valutare autonomamente il proprio stato fisico ed energetico con l\u2019unica avvertenza di rispettare, nell\u2019esecuzione degli esercizi, ognuno il proprio limite senza mai arrivare ad un limite estremo che pu\u00f2 creare dolore, bruciore o tremore.<\/strong><\/p>\n<p style=\"text-align: center;\"><strong>Buon StretchingEmozionale\u00ae a tutti!<\/p>\n<p><a href=\"https:\/\/www.stretchingemozionale.it\/wp-content\/uploads\/2019\/04\/Banner1.png\"><img decoding=\"async\" class=\"size-full wp-image-1355 alignleft lazyload\" data-src=\"https:\/\/www.stretchingemozionale.it\/wp-content\/uploads\/2019\/04\/Banner1.png\" alt=\"\" width=\"263\" height=\"549\" data-srcset=\"https:\/\/www.stretchingemozionale.it\/wp-content\/uploads\/2019\/04\/Banner1.png 263w, https:\/\/www.stretchingemozionale.it\/wp-content\/uploads\/2019\/04\/Banner1-144x300.png 144w, https:\/\/www.stretchingemozionale.it\/wp-content\/uploads\/2019\/04\/Banner1-201x420.png 201w\" data-sizes=\"(max-width: 263px) 100vw, 263px\" src=\"data:image\/svg+xml;base64,PHN2ZyB3aWR0aD0iMSIgaGVpZ2h0PSIxIiB4bWxucz0iaHR0cDovL3d3dy53My5vcmcvMjAwMC9zdmciPjwvc3ZnPg==\" style=\"--smush-placeholder-width: 263px; --smush-placeholder-aspect-ratio: 263\/549;\" \/><\/a><em>Contattami:<\/em><\/strong><\/p>\n<p><strong>Maria Daniela 349 4598108<\/strong><\/p>\n<p><strong>Naturopata ed Operatrice Shiatsu,<br \/>\ndiplomata presso la Scuola di Naturopatia dell\u2019Istituto Riza di Milano<br \/>\nAutrice di *Stretching Emozionale*<br \/>\n(Casa Editrice OI Books &amp; Guides)<\/strong><\/p>\n<p>Maestro Formatore in \u201cStretching Emozionale\u00ae\u2026la Danza delle Emozioni come Qualit\u00e0 dell\u2019Anima\u2026\u201d<br \/>\n<strong>Consulente in Floriterapia dei Fiori di Bach secondo le \u201cNuove Terapie Esoteriche\u201d di Dietmar Kr\u00e4mer.<\/strong><br \/>\nOperatore Reiki II Livello.<\/p>\n<p><strong>Formatore Sportivo Nazionale AICS di Nordic Walking<\/strong><\/p>\n<p>daniela.trentini@tiscali.it (e-mail)<strong><br \/>\nwww.nordicwalkingtaoverona.it<\/strong><\/p>\n<p><strong>Daniela Trentini (Skype)<\/strong><br \/>\n<strong>Maria Daniela Trentini (Verona) (Facebook)<br \/>\nStretching Emozionale\u00ae\u201c\u2026La Danza delle Emozioni come Qualit\u00e0 dell\u2019Anima\u2026 (Verona) (Facebook)<br \/>\n*nordic walking tao *\u2026 oltre il nordic walking\u2026verso l\u2019infinito\u2026 (Verona) (Facebook)<\/strong><\/p>\n<p style=\"text-align: center;\"><strong>www.stretchingemozionale.it<\/strong><\/p>\n<p><em><strong>#StretchingEmozionale\u00ae\u2026La Danza delle Emozioni come Qualit\u00e0 dell\u2019Anima\u2026<\/strong><\/em><\/p>\n<p><em><strong>#ilmiostretchingemozionale\u00ae<\/strong><\/em><br \/>\n<em><strong>#lamiaessenza<\/strong><\/em><br \/>\n<em><strong>#MariaDanielaTrentini<\/strong><\/em><br \/>\n<em><strong>#pellegrinadellanima<\/strong><\/em><\/p>\n<blockquote class=\"wp-embedded-content\" data-secret=\"VedD0e0uO8\"><p><a href=\"https:\/\/www.stretchingemozionale.it\/?p=1311\">Ri-cominciamo da qui: *RIGENERAZIONE* la prima emozione di Primavera<\/a><\/p><\/blockquote>\n<p><iframe class=\"wp-embedded-content lazyload\" sandbox=\"allow-scripts\" security=\"restricted\" style=\"position: absolute; visibility: hidden;\" title=\"&#8220;Ri-cominciamo da qui: *RIGENERAZIONE* la prima emozione di Primavera&#8221; &#8212; *Stretching Emozionale\u00ae*\" data-src=\"https:\/\/www.stretchingemozionale.it\/?p=1311&#038;embed=true#?secret=N23aV9kygh#?secret=VedD0e0uO8\" data-secret=\"VedD0e0uO8\" width=\"600\" height=\"338\" frameborder=\"0\" marginwidth=\"0\" marginheight=\"0\" scrolling=\"no\" src=\"data:image\/svg+xml;base64,PHN2ZyB3aWR0aD0iMSIgaGVpZ2h0PSIxIiB4bWxucz0iaHR0cDovL3d3dy53My5vcmcvMjAwMC9zdmciPjwvc3ZnPg==\" data-load-mode=\"1\"><\/iframe><\/p>\n<\/div>\n<p style=\"text-align: center;\"><strong>Per entrare in sintonia con l&#8217;Autunno&#8230;<br \/>\n<\/strong><\/p>\n<p style=\"text-align: center;\"><strong>I Testi Cinesi recitano:<\/strong><br \/>\n<strong>&#8220;&#8230;i mesi dell&#8217;abbondanza e dell&#8217;equilibrio&#8230;&#8221;<\/strong> il momento in cui si compie il raccolto e si ripone nei granai.<br \/>\n<a href=\"https:\/\/www.stretchingemozionale.it\/wp-content\/uploads\/2013\/10\/LIBERTA.jpg\"><img decoding=\"async\" class=\"aligncenter size-full wp-image-77 lazyload\" data-src=\"https:\/\/www.stretchingemozionale.it\/wp-content\/uploads\/2013\/10\/LIBERTA.jpg\" alt=\"LIBERTA'\" width=\"4000\" height=\"3000\" data-srcset=\"https:\/\/www.stretchingemozionale.it\/wp-content\/uploads\/2013\/10\/LIBERTA.jpg 4000w, https:\/\/www.stretchingemozionale.it\/wp-content\/uploads\/2013\/10\/LIBERTA-300x225.jpg 300w, https:\/\/www.stretchingemozionale.it\/wp-content\/uploads\/2013\/10\/LIBERTA-1024x768.jpg 1024w, https:\/\/www.stretchingemozionale.it\/wp-content\/uploads\/2013\/10\/LIBERTA-400x300.jpg 400w\" data-sizes=\"(max-width: 4000px) 100vw, 4000px\" src=\"data:image\/svg+xml;base64,PHN2ZyB3aWR0aD0iMSIgaGVpZ2h0PSIxIiB4bWxucz0iaHR0cDovL3d3dy53My5vcmcvMjAwMC9zdmciPjwvc3ZnPg==\" style=\"--smush-placeholder-width: 4000px; --smush-placeholder-aspect-ratio: 4000\/3000;\" \/><\/a><br \/>\n<span class=\"userContent\">&#8220;Stretching Emozionale\u00ae&#8221;<\/span><\/p>\n<p><strong>*LIBERTA\u2019*<\/strong><\/p>\n<p>Nell\u2019autunno della nostra vita procediamo in libert\u00e0 liberandoci dalle influenze che ci limitano e procedendo senza incertezze lungo la rotta.<\/p>\n<p>Per quelli che nella vita hanno ideali e ambizioni ben definiti e li soddisfano,<br \/>\nma in qualche occasione sono tentati di deviare dalle proprie idee ed obiettivi, perch\u00e9 spinti dall\u2019entusiasmo, dalle convinzioni e dalle forti opinioni degli altri.<br \/>\nIl rimedio Walnut dei Fiori di Bach, abbinato allo Stretching Emozionale\u00ae, assicura costanza e protezione dalle influenze esterne.<br \/>\nBach ha scritto che Walnut \u00e8 il rimedio per coloro che hanno deciso di fare un grosso balzo in avanti nella vita, per chi vuole rompere con le vecchie convenzioni e abbandonare limiti, restrizioni e costrizioni.<\/p>\n<p>Sono persone che spesso dicono: \u201cSono una spugna\u201d.<\/p>\n<p>&#8230;che scorrano fiumi di Walnut! &#8230;ricordandovi anche di questo esercizio di Stretching Emozionale\u00ae&#8230;<\/p>\n","protected":false},"excerpt":{"rendered":"<p>Cos\u2019\u00e8 lo Stretching Emozionale\u00ae? Innanzitutto un mio marchio registrato, la mia creazione, il frutto di una nuova &#8220;gestazione&#8221;, dopo la menopausa, all&#8217;inizio di una nuova vita&#8230;argomento della mia guida, gi\u00e0 uscita in formato eBook: \u201cStretching Emozionale\u201d \u2013 Ritrova l\u2019armonia delle tue funzioni vitali e aumenta l\u2019energia di corpo e spirito \u2013 di Daniela Trentini \u2013 [&hellip;]<\/p>\n","protected":false},"author":2,"featured_media":0,"parent":0,"menu_order":0,"comment_status":"open","ping_status":"open","template":"","meta":{"_mc_calendar":[],"footnotes":""},"class_list":["post-72","page","type-page","status-publish","hentry"],"_links":{"self":[{"href":"https:\/\/www.stretchingemozionale.it\/index.php?rest_route=\/wp\/v2\/pages\/72","targetHints":{"allow":["GET"]}}],"collection":[{"href":"https:\/\/www.stretchingemozionale.it\/index.php?rest_route=\/wp\/v2\/pages"}],"about":[{"href":"https:\/\/www.stretchingemozionale.it\/index.php?rest_route=\/wp\/v2\/types\/page"}],"author":[{"embeddable":true,"href":"https:\/\/www.stretchingemozionale.it\/index.php?rest_route=\/wp\/v2\/users\/2"}],"replies":[{"embeddable":true,"href":"https:\/\/www.stretchingemozionale.it\/index.php?rest_route=%2Fwp%2Fv2%2Fcomments&post=72"}],"version-history":[{"count":0,"href":"https:\/\/www.stretchingemozionale.it\/index.php?rest_route=\/wp\/v2\/pages\/72\/revisions"}],"wp:attachment":[{"href":"https:\/\/www.stretchingemozionale.it\/index.php?rest_route=%2Fwp%2Fv2%2Fmedia&parent=72"}],"curies":[{"name":"wp","href":"https:\/\/api.w.org\/{rel}","templated":true}]}}